{"id":487,"date":"2025-06-04T09:00:32","date_gmt":"2025-06-04T09:00:32","guid":{"rendered":"https:\/\/www.konferencevenkov.cz\/2025\/?page_id=487"},"modified":"2025-10-27T13:50:01","modified_gmt":"2025-10-27T13:50:01","slug":"program","status":"publish","type":"page","link":"https:\/\/www.konferencevenkov.cz\/2025\/?page_id=487","title":{"rendered":"Program"},"content":{"rendered":"\n<hr class=\"wp-block-separator has-alpha-channel-opacity\"\/>\n\n\n\n<p class=\"has-text-align-center\"><strong>Program ke sta\u017een\u00ed v PDF<\/strong><\/p>\n\n\n\n<div class=\"wp-block-file\"><a id=\"wp-block-file--media-29f39458-cce0-47ba-9992-792553f46f7b\" href=\"https:\/\/www.konferencevenkov.cz\/2025\/wp-content\/uploads\/2025\/10\/Aktualizovany-program-konference_10_10_25.pdf\">Aktualizovan\u00fd program konference_10_10_25<\/a><a href=\"https:\/\/www.konferencevenkov.cz\/2025\/wp-content\/uploads\/2025\/10\/Aktualizovany-program-konference_10_10_25.pdf\" class=\"wp-block-file__button wp-element-button\" download aria-describedby=\"wp-block-file--media-29f39458-cce0-47ba-9992-792553f46f7b\">St\u00e1hnout<\/a><\/div>\n\n\n\n<hr class=\"wp-block-separator has-alpha-channel-opacity\"\/>\n\n\n\n<h3 class=\"wp-block-heading\">0. den &#8211; 21. \u0159\u00edjna 2025<\/h3>\n\n\n\n<div id=\"wp-block-themeisle-blocks-timeline-e6e35059\" class=\"wp-block-themeisle-blocks-timeline\"><div class=\"o-timeline-root\">\n<div id=\"wp-block-themeisle-blocks-timeline-item-e92ac14e\" class=\"wp-block-themeisle-blocks-timeline-item\"><div class=\"o-timeline-container\"><div class=\"o-timeline-icon\"><i class=\"fas fa-circle\"><\/i><\/div><div class=\"o-timeline-content\">\n<p class=\"has-small-font-size\"><\/p>\n\n\n\n<h3 class=\"wp-block-heading\">12:00 &#8211; 15:00<\/h3>\n\n\n\n<p><strong>Jedn\u00e1n\u00ed partnersk\u00e9 organizace NS MAS<\/strong><\/p>\n<\/div><\/div><\/div>\n\n\n\n<div id=\"wp-block-themeisle-blocks-timeline-item-9bedd753\" class=\"wp-block-themeisle-blocks-timeline-item\"><div class=\"o-timeline-container\"><div class=\"o-timeline-icon\"><i class=\"fas fa-circle\"><\/i><\/div><div class=\"o-timeline-content\">\n<p class=\"has-small-font-size\"><\/p>\n\n\n\n<h3 class=\"wp-block-heading\">12:00 &#8211; 15:30<\/h3>\n\n\n\n<p><strong>Jedn\u00e1n\u00ed partnersk\u00e9 organizace Celost\u00e1tn\u00ed s\u00edt\u011b pro venkov<\/strong><\/p>\n<\/div><\/div><\/div>\n\n\n\n<div id=\"wp-block-themeisle-blocks-timeline-item-e151dbfa\" class=\"wp-block-themeisle-blocks-timeline-item\"><div class=\"o-timeline-container\"><div class=\"o-timeline-icon\"><i class=\"fas fa-circle\"><\/i><\/div><div class=\"o-timeline-content\">\n<p class=\"has-small-font-size\"><\/p>\n\n\n\n<h3 class=\"wp-block-heading\">13:00 &#8211; 15:00<\/h3>\n\n\n\n<p><strong>Zased\u00e1n\u00ed p\u0159edsednictva SPOV \u010cR<\/strong><\/p>\n<\/div><\/div><\/div>\n\n\n\n<div id=\"wp-block-themeisle-blocks-timeline-item-8f9728fd\" class=\"wp-block-themeisle-blocks-timeline-item\"><div class=\"o-timeline-container\"><div class=\"o-timeline-icon\"><i class=\"fas fa-circle\"><\/i><\/div><div class=\"o-timeline-content\">\n<p class=\"has-small-font-size\"><\/p>\n\n\n\n<h3 class=\"wp-block-heading\">Doprovodn\u00e9 akce<\/h3>\n\n\n\n<p>30 let Spolku pro obnovu venkova, Prom\u011bny \u2013 M\u00e1 vlast<\/p>\n\n\n\n<p>Propagace MAS, Jiho\u010desk\u00fd kraj, M\u011bsto T\u0159ebo\u0148<\/p>\n\n\n\n<p>Region\u00e1ln\u00ed jarmark<\/p>\n<\/div><\/div><\/div>\n\n\n\n<div id=\"wp-block-themeisle-blocks-timeline-item-378fd6df\" class=\"wp-block-themeisle-blocks-timeline-item\"><div class=\"o-timeline-container\"><div class=\"o-timeline-icon\"><i class=\"fas fa-circle\"><\/i><\/div><div class=\"o-timeline-content\">\n<p class=\"has-small-font-size\"><\/p>\n\n\n\n<h3 class=\"wp-block-heading\">10:00 &#8211; 18:00<\/h3>\n\n\n\n<p><strong>Ubytov\u00e1n\u00ed, registrace \u00fa\u010dastn\u00edk\u016f<\/strong><\/p>\n<\/div><\/div><\/div>\n\n\n\n<div id=\"wp-block-themeisle-blocks-timeline-item-85777b9c\" class=\"wp-block-themeisle-blocks-timeline-item\"><div class=\"o-timeline-container\"><div class=\"o-timeline-icon\"><i class=\"fas fa-circle\"><\/i><\/div><div class=\"o-timeline-content\">\n<p class=\"has-small-font-size\"><\/p>\n\n\n\n<h3 class=\"wp-block-heading\">16:00 &#8211; 17:00<\/h3>\n\n\n\n<p><strong>Prezentace Ministerstva pro m\u00edstn\u00ed rozvoj \u010cR: Aktu\u00e1ln\u00ed informace k rozvoji venkova z Ministerstva pro m\u00edstn\u00ed rozvoj<\/strong><\/p>\n<\/div><\/div><\/div>\n\n\n\n<div id=\"wp-block-themeisle-blocks-timeline-item-063b9b9d\" class=\"wp-block-themeisle-blocks-timeline-item\"><div class=\"o-timeline-container\"><div class=\"o-timeline-icon\"><i class=\"fas fa-circle\"><\/i><\/div><div class=\"o-timeline-content\">\n<p class=\"has-small-font-size\"><\/p>\n\n\n\n<h3 class=\"wp-block-heading\">17:00 &#8211; 17:30<\/h3>\n\n\n\n<p><strong>Podpora podnik\u00e1n\u00ed a nov\u00e9 p\u0159\u00edle\u017eitosti na venkov\u011b: Turista, \u0161ance pro ekonomiku venkova<\/strong><\/p>\n\n\n\n<p>Mgr. Petr Soukup, \u0159editel Jiho\u010desk\u00e9 centr\u00e1ly cestovn\u00edho ruchu<\/p>\n<\/div><\/div><\/div>\n\n\n\n<div id=\"wp-block-themeisle-blocks-timeline-item-978dee7c\" class=\"wp-block-themeisle-blocks-timeline-item\"><div class=\"o-timeline-container\"><div class=\"o-timeline-icon\"><i class=\"fas fa-circle\"><\/i><\/div><div class=\"o-timeline-content\">\n<p class=\"has-small-font-size\"><\/p>\n\n\n\n<h3 class=\"wp-block-heading\">19:00 &#8211; 24:00<\/h3>\n\n\n\n<p><strong>Spole\u010densk\u00fd ve\u010der v&nbsp;L\u00e1zn\u00edch T\u0159ebo\u0148<\/strong><\/p>\n\n\n\n<p><em>folkl\u00f3rn\u00ed soubor Radost z&nbsp;Kamenn\u00e9ho \u00dajezdu<\/em><\/p>\n\n\n\n<p><em>kapela Le\u0165\u00e1ci<\/em><\/p>\n\n\n\n<p><em>diskot\u00e9ka<\/em><\/p>\n<\/div><\/div><\/div>\n<\/div><\/div>\n\n\n\n<div style=\"height:100px\" aria-hidden=\"true\" class=\"wp-block-spacer\"><\/div>\n\n\n\n<h3 class=\"wp-block-heading\">1. den &#8211; 22. \u0159\u00edjna 2025<\/h3>\n\n\n\n<div id=\"wp-block-themeisle-blocks-timeline-78e3bdea\" class=\"wp-block-themeisle-blocks-timeline\"><div class=\"o-timeline-root\">\n<div id=\"wp-block-themeisle-blocks-timeline-item-6c578948\" class=\"wp-block-themeisle-blocks-timeline-item\"><div class=\"o-timeline-container\"><div class=\"o-timeline-icon\"><i class=\"fas fa-circle\"><\/i><\/div><div class=\"o-timeline-content\">\n<p class=\"has-small-font-size\"><\/p>\n\n\n\n<h3 class=\"wp-block-heading\">8:00 &#8211; 9:00<\/h3>\n\n\n\n<p><strong>Ubytov\u00e1n\u00ed, registrace \u00fa\u010dastn\u00edk\u016f<\/strong><\/p>\n<\/div><\/div><\/div>\n\n\n\n<div id=\"wp-block-themeisle-blocks-timeline-item-3e9b30f4\" class=\"wp-block-themeisle-blocks-timeline-item\"><div class=\"o-timeline-container\"><div class=\"o-timeline-icon\"><i class=\"fas fa-circle\"><\/i><\/div><div class=\"o-timeline-content\">\n<p class=\"has-small-font-size\"><\/p>\n\n\n\n<h3 class=\"wp-block-heading\">8:00 &#8211; 9:00<\/h3>\n\n\n\n<p><strong>Rann\u00ed coffee-break<\/strong><\/p>\n<\/div><\/div><\/div>\n\n\n\n<div id=\"wp-block-themeisle-blocks-timeline-item-32cc64ec\" class=\"wp-block-themeisle-blocks-timeline-item\"><div class=\"o-timeline-container\"><div class=\"o-timeline-icon\"><i class=\"fas fa-circle\"><\/i><\/div><div class=\"o-timeline-content\">\n<p class=\"has-small-font-size\"><\/p>\n\n\n\n<h3 class=\"wp-block-heading\">Doprovodn\u00e1 akce<\/h3>\n\n\n\n<p>Region\u00e1ln\u00ed jarmark<\/p>\n<\/div><\/div><\/div>\n\n\n\n<div id=\"wp-block-themeisle-blocks-timeline-item-a28da5ab\" class=\"wp-block-themeisle-blocks-timeline-item\"><div class=\"o-timeline-container\"><div class=\"o-timeline-icon\"><i class=\"fas fa-circle\"><\/i><\/div><div class=\"o-timeline-content\">\n<p class=\"has-small-font-size\"><\/p>\n\n\n\n<h3 class=\"wp-block-heading\">9:00 &#8211; 10:00<\/h3>\n\n\n\n<p><strong>Zah\u00e1jen\u00ed konference<\/strong><\/p>\n\n\n\n<p><em>Ing. Veronika Vrecionov\u00e1, p\u0159edsedkyn\u011b SPOV \u010cR<\/em> (on-line)<\/p>\n\n\n\n<p><em>Mgr. Marek V\u00fdborn\u00fd, ministr zem\u011bd\u011blstv\u00ed<\/em><\/p>\n\n\n\n<p><em>MUDr. Martin Kuba, hejtman Jiho\u010desk\u00e9ho kraje&nbsp;<\/em><\/p>\n\n\n\n<p><em>Ing. Svatava Maradov\u00e1, MBA, \u00fast\u0159edn\u00ed \u0159editelka SP\u00da<\/em><\/p>\n\n\n\n<p><em>Mgr. Franti\u0161ek Tal\u00ed\u0159, n\u00e1m\u011bstek ministra \u017eivotn\u00edho prost\u0159ed\u00ed<\/em><\/p>\n\n\n\n<p><em>Bc. Zbyn\u011bk S\u00fdkora, MBA, sen\u00e1tor<\/em><\/p>\n\n\n\n<p><em>PaedDr. Jan V\u00e1\u0148a, starosta m\u011bsta T\u0159ebon\u011b<\/em><\/p>\n\n\n\n<p><em>Ing. Lubo\u0161 Peterka, p\u0159edseda SPOV J\u010cK<\/em><\/p>\n\n\n\n<p><em>Mgr. Ing. Jaroslav \u0160ebek, p\u0159edseda ASZ \u010cR<\/em><\/p>\n\n\n\n<p><em>Mgr. Pavel Drahovzal, m\u00edstop\u0159edseda SMO \u010cR<\/em><\/p>\n\n\n\n<p><em>Ing. Hana \u0160\u0165astn\u00e1, \u0159editelka \u00fa\u0159adu&nbsp;&nbsp;RAK J\u010cK<\/em><\/p>\n\n\n\n<p><em>Ing. David Bro\u017e, prezident SMA \u010cR&nbsp;<\/em><\/p>\n<\/div><\/div><\/div>\n\n\n\n<div id=\"wp-block-themeisle-blocks-timeline-item-72abaa5a\" class=\"wp-block-themeisle-blocks-timeline-item\"><div class=\"o-timeline-container\"><div class=\"o-timeline-icon\"><i class=\"fas fa-circle\"><\/i><\/div><div class=\"o-timeline-content\">\n<p class=\"has-small-font-size\"><\/p>\n\n\n\n<h3 class=\"wp-block-heading\">10:00 &#8211; 11:15<\/h3>\n\n\n\n<p><strong>Plen\u00e1rn\u00ed zased\u00e1n\u00ed<\/strong><\/p>\n\n\n\n<p><em>Strategick\u00fd pl\u00e1n Spole\u010dn\u00e9 zem\u011bd\u011blsk\u00e9 politiky na obdob\u00ed 2023\u20132027 (SP SZP) a financov\u00e1n\u00ed projekt\u016f rozvoje venkova, Ing. Pavel Sek\u00e1\u010d, Ph.D., vrchn\u00ed \u0159editel Sekce pro fondy EU, zahrani\u010dn\u00ed z\u00e1le\u017eitosti a obchodn\u00ed spolupr\u00e1ci MZe&nbsp;<\/em><\/p>\n\n\n\n<ol class=\"wp-block-list\">\n<li><em>t\u00e9ma Krajinn\u00e9 prvky a p\u00e9\u010de o krajinu: Pozemkov\u00e9 \u00fapravy na \u00fazem\u00ed Jiho\u010desk\u00e9ho kraje jako n\u00e1stroj zadr\u017een\u00ed vody v krajin\u011b, Ing. Eva Schmidtmajerov\u00e1, CSc., \u0159editelka Krajsk\u00e9ho pozemkov\u00e9ho \u00fa\u0159adu pro Jiho\u010desk\u00fd kraj&nbsp;<\/em><\/li>\n\n\n\n<li><em>t\u00e9ma Soci\u00e1ln\u00ed zem\u011bd\u011blstv\u00ed: Spolupr\u00e1ce soci\u00e1ln\u00edch farem s lok\u00e1ln\u00edmi trhy v r\u00e1mci kr\u00e1tk\u00fdch dodavatelsk\u00fdch \u0159et\u011bzc\u016f: doc. Ing. Jan Moudr\u00fd, Ph.D., odd. Ekologick\u00e9ho zem\u011bd\u011blstv\u00ed na Fakult\u011b zem\u011bd\u011blsk\u00e9 a technologick\u00e9 \u2013 Katedra agroekosyst\u00e9m\u016f Jiho\u010desk\u00e9 univerzity \u010cesk\u00e9 Bud\u011bjovice<\/em><\/li>\n\n\n\n<li><em>t\u00e9ma Mlad\u00ed lid\u00e9 na venkov\u011b: Jak (ne)ztratit mlad\u00e9 na venkov\u011b. Venkov nen\u00ed skanzen: M\u00e1 tu ml\u00e1de\u017e budoucnost?, Ing. David Bro\u017e, prezident Spole\u010dnosti mlad\u00fdch agr\u00e1rn\u00edk\u016f \u010cR<\/em><\/li>\n\n\n\n<li><em>t\u00e9ma&nbsp;Podpora podnik\u00e1n\u00ed a nov\u00e9 p\u0159\u00edle\u017eitosti na venkov\u011b: Mlad\u00ed zem\u011bd\u011blci ve Strategick\u00fdch pl\u00e1nech SZP a budoucnost zem\u011bd\u011blsk\u00e9 politiky,&nbsp;Ing. Pavel Povoln\u00fd \u2013 EK DG AGRI<\/em><\/li>\n<\/ol>\n<\/div><\/div><\/div>\n\n\n\n<div id=\"wp-block-themeisle-blocks-timeline-item-f9bd5bcf\" class=\"wp-block-themeisle-blocks-timeline-item\"><div class=\"o-timeline-container\"><div class=\"o-timeline-icon\"><i class=\"fas fa-circle\"><\/i><\/div><div class=\"o-timeline-content\">\n<p class=\"has-small-font-size\"><\/p>\n\n\n\n<h3 class=\"wp-block-heading\">11:15 &#8211; 11:30<\/h3>\n\n\n\n<p><strong>Dopoledn\u00ed coffee-break<\/strong><\/p>\n<\/div><\/div><\/div>\n\n\n\n<div id=\"wp-block-themeisle-blocks-timeline-item-621e51c4\" class=\"wp-block-themeisle-blocks-timeline-item\"><div class=\"o-timeline-container\"><div class=\"o-timeline-icon\"><i class=\"fas fa-circle\"><\/i><\/div><div class=\"o-timeline-content\">\n<p class=\"has-small-font-size\"><\/p>\n\n\n\n<h3 class=\"wp-block-heading\">11:30 &#8211; 12:15<\/h3>\n\n\n\n<p><strong>Tematick\u00e9 pracovn\u00ed skupiny I (workshopy) ve 4 t\u00e9matech<\/strong><\/p>\n\n\n\n<ol class=\"wp-block-list\">\n<li><em>t\u00e9ma Krajinn\u00e9 prvky a p\u00e9\u010de o krajinu: Moder\u00e1tor: doc. Ing. Jan Vopravil, Ph.D., V\u00daMOP v.v.i. Praha, \u00favodn\u00ed prezentace: Boj se suchem a povodn\u00ed<\/em><\/li>\n\n\n\n<li><em>t\u00e9ma Soci\u00e1ln\u00ed zem\u011bd\u011blstv\u00ed: Moder\u00e1tor: doc. Ing. Jan Moudr\u00fd, Ph.D., odd. Ekologick\u00e9ho zem\u011bd\u011blstv\u00ed na Fakult\u011b zem\u011bd\u011blsk\u00e9 a technologick\u00e9 \u2013 Katedra agroekosyst\u00e9m\u016f Jiho\u010desk\u00e9 univerzity \u010cesk\u00e9 Bud\u011bjovice, \u00favodn\u00ed prezentace: Zapojen\u00ed soci\u00e1ln\u00edch farem v r\u00e1mci lok\u00e1ln\u00edch trh\u016f<\/em><\/li>\n\n\n\n<li><em>t\u00e9ma Mlad\u00ed lid\u00e9 na venkov\u011b: Moder\u00e1tor: Ing. David Bro\u017e, prezident SMA \u010cR, Prezentace: Podpora ml\u00e1de\u017ee na venkov\u011b \u2013 certifikace a p\u0159\u00edklady dobr\u00e9 praxe \u2013 Mgr. Lenka Lej\u010dkov\u00e1, MAS Kraj \u017eiv\u00fdch vod, z.s., P\u0159edstaven\u00ed PS Venkovsk\u00e1 ml\u00e1de\u017e p\u0159i NS MAS \u010cR, p\u0159\u00edprava&nbsp;certifikace a \u010d\u00e1st sborn\u00edku s konkr\u00e9tn\u00edmi p\u0159\u00edklady \u00fasp\u011b\u0161n\u00e9&nbsp;podpory ml\u00e1de\u017ee v rur\u00e1ln\u00edch oblastech.<\/em><\/li>\n\n\n\n<li><em>t\u00e9ma Podpora podnik\u00e1n\u00ed a nov\u00e9 p\u0159\u00edle\u017eitosti na venkov\u011b: Moder\u00e1tor: Jaroslav Havel, starosta obce Pi\u0161t\u00edn, m\u00edstop\u0159edseda SPOV \u010cR, prezentace: \u201eJiho\u010desk\u00e9 projekty na podporu producent\u016f region\u00e1ln\u00edch potravin\u201c., p\u0159edn\u00e1\u0161ej\u00edc\u00ed Ing. Hana \u0160\u0165astn\u00e1, \u0159editelka \u00fa\u0159adu Region\u00e1ln\u00ed agr\u00e1rn\u00ed komory Jiho\u010desk\u00e9ho kraje<\/em><\/li>\n<\/ol>\n<\/div><\/div><\/div>\n\n\n\n<div id=\"wp-block-themeisle-blocks-timeline-item-6339aa09\" class=\"wp-block-themeisle-blocks-timeline-item\"><div class=\"o-timeline-container\"><div class=\"o-timeline-icon\"><i class=\"fas fa-circle\"><\/i><\/div><div class=\"o-timeline-content\">\n<p class=\"has-small-font-size\"><\/p>\n\n\n\n<h3 class=\"wp-block-heading\">12:00 &#8211; 16:00<\/h3>\n\n\n\n<p><strong>Jedn\u00e1n\u00ed partnersk\u00e9 organizace \u00fazemn\u00ed partne\u0159i<\/strong><\/p>\n<\/div><\/div><\/div>\n\n\n\n<div id=\"wp-block-themeisle-blocks-timeline-item-5ce00cc2\" class=\"wp-block-themeisle-blocks-timeline-item\"><div class=\"o-timeline-container\"><div class=\"o-timeline-icon\"><i class=\"fas fa-circle\"><\/i><\/div><div class=\"o-timeline-content\">\n<p class=\"has-small-font-size\"><\/p>\n\n\n\n<h3 class=\"wp-block-heading\">12:30 &#8211; 13:30<\/h3>\n\n\n\n<p><strong>Ob\u011bd<\/strong><\/p>\n<\/div><\/div><\/div>\n\n\n\n<div id=\"wp-block-themeisle-blocks-timeline-item-dbafcdbd\" class=\"wp-block-themeisle-blocks-timeline-item\"><div class=\"o-timeline-container\"><div class=\"o-timeline-icon\"><i class=\"fas fa-circle\"><\/i><\/div><div class=\"o-timeline-content\">\n<p class=\"has-small-font-size\"><\/p>\n\n\n\n<h3 class=\"wp-block-heading\">13:30 &#8211; 16:00<\/h3>\n\n\n\n<p><strong>Tematick\u00e9 pracovn\u00ed skupiny II (workshopy) ve 4 t\u00e9matech<\/strong><\/p>\n\n\n\n<ol class=\"wp-block-list\">\n<li><em>t\u00e9ma Krajinn\u00e9 prvky a p\u00e9\u010de o krajinu:&nbsp;Moder\u00e1tor: doc. Ing. Jan Vopravil, Ph.D., V\u00daMOP v.v.i. Praha<\/em><\/li>\n\n\n\n<li><em>Soci\u00e1ln\u00ed zem\u011bd\u011blstv\u00ed: Moder\u00e1tor: doc. Ing. Jan Moudr\u00fd, Ph.D., odd. Ekologick\u00e9ho zem\u011bd\u011blstv\u00ed na Fakult\u011b zem\u011bd\u011blsk\u00e9 a technologick\u00e9 \u2013 Katedra agroekosyst\u00e9m\u016f Jiho\u010desk\u00e9 univerzity \u010cesk\u00e9 Bud\u011bjovice<\/em><\/li>\n\n\n\n<li><em>t\u00e9ma Mlad\u00ed lid\u00e9 na venkov\u011b: Moder\u00e1tor: Ing. David Bro\u017e, prezident SMA \u010cR<\/em><\/li>\n\n\n\n<li><em>t\u00e9ma Podpora podnik\u00e1n\u00ed a nov\u00e9 p\u0159\u00edle\u017eitosti na venkov\u011b: Moder\u00e1tor: Jaroslav Havel, starosta obce Pi\u0161t\u00edn, m\u00edstop\u0159edseda SPOV \u010cR<\/em><\/li>\n<\/ol>\n<\/div><\/div><\/div>\n\n\n\n<div id=\"wp-block-themeisle-blocks-timeline-item-42e561e1\" class=\"wp-block-themeisle-blocks-timeline-item\"><div class=\"o-timeline-container\"><div class=\"o-timeline-icon\"><i class=\"fas fa-circle\"><\/i><\/div><div class=\"o-timeline-content\">\n<p class=\"has-small-font-size\"><\/p>\n\n\n\n<h3 class=\"wp-block-heading\">16:00 &#8211; 17:00<\/h3>\n\n\n\n<p><strong>Plen\u00e1rn\u00ed zased\u00e1n\u00ed \u2013 shrnut\u00ed workshop\u016f a z\u00e1v\u011bry konference<\/strong><\/p>\n\n\n\n<ol class=\"wp-block-list\">\n<li><em>t\u00e9ma Krajinn\u00e9 prvky a p\u00e9\u010de o krajinu:&nbsp;doc. Ing. Jan Vopravil, Ph.D., V\u00daMOP v.v.i. Praha&nbsp;<\/em><\/li>\n\n\n\n<li><em>t\u00e9ma Soci\u00e1ln\u00ed zem\u011bd\u011blstv\u00ed: doc. Ing. Jan Moudr\u00fd, Ph.D., odd. Ekologick\u00e9ho zem\u011bd\u011blstv\u00ed na Fakult\u011b zem\u011bd\u011blsk\u00e9 a technologick\u00e9 \u2013 Katedra agroekosyst\u00e9m\u016f&nbsp;Jiho\u010desk\u00e9 univerzity \u010cesk\u00e9 Bud\u011bjovice<\/em><\/li>\n\n\n\n<li><em>t\u00e9ma Mlad\u00ed lid\u00e9 na venkov\u011b: Ing. David Bro\u017e, prezident SMA \u010cR<\/em><\/li>\n\n\n\n<li><em>t\u00e9ma Podpora podnik\u00e1n\u00ed a nov\u00e9 p\u0159\u00edle\u017eitosti na venkov\u011b: Jaroslav Havel, starosta obce Pi\u0161t\u00edn, m\u00edstop\u0159edseda SPOV \u010cR<\/em><\/li>\n<\/ol>\n<\/div><\/div><\/div>\n\n\n\n<div id=\"wp-block-themeisle-blocks-timeline-item-078e781a\" class=\"wp-block-themeisle-blocks-timeline-item\"><div class=\"o-timeline-container\"><div class=\"o-timeline-icon\"><i class=\"fas fa-circle\"><\/i><\/div><div class=\"o-timeline-content\">\n<p class=\"has-small-font-size\"><\/p>\n\n\n\n<h3 class=\"wp-block-heading\">19:00 &#8211; 24:00<\/h3>\n\n\n\n<p><strong>Spole\u010densk\u00fd ve\u010der v L\u00e1zn\u00edch T\u0159ebo\u0148<\/strong><\/p>\n\n\n\n<p><em>kapela MP3<\/em><\/p>\n<\/div><\/div><\/div>\n<\/div><\/div>\n\n\n\n<div style=\"height:100px\" aria-hidden=\"true\" class=\"wp-block-spacer\"><\/div>\n\n\n\n<h3 class=\"wp-block-heading\">2. den &#8211; 23. \u0159\u00edjna 2025<\/h3>\n\n\n\n<div id=\"wp-block-themeisle-blocks-timeline-9724b136\" class=\"wp-block-themeisle-blocks-timeline\"><div class=\"o-timeline-root\">\n<div id=\"wp-block-themeisle-blocks-timeline-item-4a01c2e4\" class=\"wp-block-themeisle-blocks-timeline-item\"><div class=\"o-timeline-container\"><div class=\"o-timeline-icon\"><i class=\"fas fa-circle\"><\/i><\/div><div class=\"o-timeline-content\">\n<p class=\"has-small-font-size\"><\/p>\n\n\n\n<h3 class=\"wp-block-heading\">7:00 &#8211; 8:00<\/h3>\n\n\n\n<p><strong>Sn\u00eddan\u011b pro ubytovan\u00e9 hosty, ob\u011bdov\u00fd bal\u00ed\u010dek<\/strong><\/p>\n<\/div><\/div><\/div>\n\n\n\n<div id=\"wp-block-themeisle-blocks-timeline-item-c472d94a\" class=\"wp-block-themeisle-blocks-timeline-item\"><div class=\"o-timeline-container\"><div class=\"o-timeline-icon\"><i class=\"fas fa-circle\"><\/i><\/div><div class=\"o-timeline-content\">\n<p class=\"has-small-font-size\"><\/p>\n\n\n\n<h3 class=\"wp-block-heading\">8:00 &#8211; 9:00<\/h3>\n\n\n\n<p><strong>Registrace \u00fa\u010dastn\u00edk\u016f<\/strong><\/p>\n<\/div><\/div><\/div>\n\n\n\n<div id=\"wp-block-themeisle-blocks-timeline-item-38408e9a\" class=\"wp-block-themeisle-blocks-timeline-item\"><div class=\"o-timeline-container\"><div class=\"o-timeline-icon\"><i class=\"fas fa-circle\"><\/i><\/div><div class=\"o-timeline-content\">\n<p class=\"has-small-font-size\"><\/p>\n\n\n\n<h3 class=\"wp-block-heading\">9:00 &#8211; 10:00<\/h3>\n\n\n\n<p><strong>Plen\u00e1rn\u00ed zased\u00e1n\u00ed: shrnut\u00ed z\u00e1v\u011br\u016f konference, z\u00e1v\u011bre\u010dn\u00e1 vystoupen\u00ed<\/strong><\/p>\n<\/div><\/div><\/div>\n\n\n\n<div id=\"wp-block-themeisle-blocks-timeline-item-4acb657a\" class=\"wp-block-themeisle-blocks-timeline-item\"><div class=\"o-timeline-container\"><div class=\"o-timeline-icon\"><i class=\"fas fa-circle\"><\/i><\/div><div class=\"o-timeline-content\">\n<p class=\"has-small-font-size\"><\/p>\n\n\n\n<h3 class=\"wp-block-heading\">10:00 &#8211; 13:30<\/h3>\n\n\n\n<p><strong>Exkurze ve 4 t\u00e9matech<\/strong><\/p>\n\n\n\n<ol class=\"wp-block-list\">\n<li><em>t\u00e9ma&nbsp;KRAJINN\u00c9 PRVKY A P\u00c9\u010cE O KRAJINU&nbsp;(d\u00e9lka trasy cca 35 km)<\/em> &#8211; Tom\u00e1\u0161 Nov\u00e1k<\/li>\n\n\n\n<li><em>t\u00e9ma SOCI\u00c1LN\u00cd ZEM\u011aD\u011aLSTV\u00cd (d\u00e9lka trasy cca 110 km)<\/em> &#8211; Ad\u00e9la Tom\u0161ovicov\u00e1<\/li>\n\n\n\n<li><em>t\u00e9ma&nbsp;MLAD\u00cd LID\u00c9 NA VENKOV\u011a&nbsp;(d\u00e9lka trasy cca 65 km)<\/em> &#8211; Anna Marsov\u00e1<\/li>\n\n\n\n<li><em>t\u00e9ma&nbsp;PODPORA PODNIK\u00c1N\u00cd A NOV\u00c9 P\u0158\u00cdLE\u017dITOSTI NA VENKOV\u011a&nbsp;(d\u00e9lka trasy cca 55 km)<\/em> &#8211; Lucie Kol\u00e1\u0159ov\u00e1<\/li>\n<\/ol>\n<\/div><\/div><\/div>\n\n\n\n<div id=\"wp-block-themeisle-blocks-timeline-item-ce748e36\" class=\"wp-block-themeisle-blocks-timeline-item\"><div class=\"o-timeline-container\"><div class=\"o-timeline-icon\"><i class=\"fas fa-circle\"><\/i><\/div><div class=\"o-timeline-content\">\n<p class=\"has-small-font-size\"><\/p>\n\n\n\n<h3 class=\"wp-block-heading\"><strong>12:00 &#8211; 16:00<\/strong><\/h3>\n\n\n\n<p><strong>Jedn\u00e1n\u00ed partnersk\u00e9 organizace \u00fazemn\u00ed partne\u0159i<\/strong><\/p>\n<\/div><\/div><\/div>\n<\/div><\/div>\n","protected":false},"excerpt":{"rendered":"<p>Program ke sta\u017een\u00ed v PDF 0. den &#8211; 21. \u0159\u00edjna 2025 1. den &#8211; 22. \u0159\u00edjna 2025 2. den &#8211; 23. \u0159\u00edjna 2025<\/p>\n","protected":false},"author":1,"featured_media":0,"parent":0,"menu_order":0,"comment_status":"closed","ping_status":"closed","template":"","meta":{"neve_meta_sidebar":"","neve_meta_container":"","neve_meta_enable_content_width":"","neve_meta_content_width":0,"neve_meta_title_alignment":"","neve_meta_author_avatar":"","neve_post_elements_order":"","neve_meta_disable_header":"","neve_meta_disable_footer":"","neve_meta_disable_title":"","_themeisle_gutenberg_block_has_review":false,"footnotes":""},"class_list":["post-487","page","type-page","status-publish","hentry"],"_links":{"self":[{"href":"https:\/\/www.konferencevenkov.cz\/2025\/index.php?rest_route=\/wp\/v2\/pages\/487","targetHints":{"allow":["GET"]}}],"collection":[{"href":"https:\/\/www.konferencevenkov.cz\/2025\/index.php?rest_route=\/wp\/v2\/pages"}],"about":[{"href":"https:\/\/www.konferencevenkov.cz\/2025\/index.php?rest_route=\/wp\/v2\/types\/page"}],"author":[{"embeddable":true,"href":"https:\/\/www.konferencevenkov.cz\/2025\/index.php?rest_route=\/wp\/v2\/users\/1"}],"replies":[{"embeddable":true,"href":"https:\/\/www.konferencevenkov.cz\/2025\/index.php?rest_route=%2Fwp%2Fv2%2Fcomments&post=487"}],"version-history":[{"count":28,"href":"https:\/\/www.konferencevenkov.cz\/2025\/index.php?rest_route=\/wp\/v2\/pages\/487\/revisions"}],"predecessor-version":[{"id":667,"href":"https:\/\/www.konferencevenkov.cz\/2025\/index.php?rest_route=\/wp\/v2\/pages\/487\/revisions\/667"}],"wp:attachment":[{"href":"https:\/\/www.konferencevenkov.cz\/2025\/index.php?rest_route=%2Fwp%2Fv2%2Fmedia&parent=487"}],"curies":[{"name":"wp","href":"https:\/\/api.w.org\/{rel}","templated":true}]}}